{"id":1411,"date":"2023-09-18T10:29:25","date_gmt":"2023-09-18T09:29:25","guid":{"rendered":"https:\/\/aboutasthma.org\/attacks\/suis-je-a-risque-de-crises-dasthme-severes\/"},"modified":"2024-04-15T10:15:48","modified_gmt":"2024-04-15T09:15:48","slug":"suis-je-a-risque-de-crises-dasthme-severes","status":"publish","type":"attacks","link":"https:\/\/aboutasthma.org\/fr\/crises\/suis-je-a-risque-de-crises-dasthme-severes\/","title":{"rendered":"Suis-je \u00e0 risque de crises d&rsquo;asthme s\u00e9v\u00e8res ?"},"content":{"rendered":"\t\t<div data-elementor-type=\"wp-post\" data-elementor-id=\"1411\" class=\"elementor elementor-1411 elementor-100\">\n\t\t\t\t<div class=\"elementor-element elementor-element-d24c222 e-flex e-con-boxed e-con e-parent\" data-id=\"d24c222\" data-element_type=\"container\" data-e-type=\"container\">\n\t\t\t\t\t<div class=\"e-con-inner\">\n\t\t\t\t<div class=\"elementor-element elementor-element-c6f55c4 elementor-widget elementor-widget-text-editor\" data-id=\"c6f55c4\" data-element_type=\"widget\" data-e-type=\"widget\" data-widget_type=\"text-editor.default\">\n\t\t\t\t<div class=\"elementor-widget-container\">\n\t\t\t\t\t\t\t\t\t<p><a href=\"https:\/\/aboutasthma.org\/fr\/attacks\/quest-ce-quune-crise-dasthme\/\">Les crises d&rsquo;asthme peuvent \u00eatre tr\u00e8s graves, voire mortelles<\/a>. Si vous vous reconnaissez dans une ou plusieurs des situations suivantes, vous pourriez avoir un risque accru de crises s\u00e9v\u00e8res : <\/p>\n<ul>\n<li>Vos sympt\u00f4mes d&rsquo;asthme ne sont pas sous contr\u00f4le.<\/li>\n<li>Vous utilisez plus d&rsquo;un inhalateur de SABA par mois.<\/li>\n<li>Vous ne prenez pas de m\u00e9dicaments contenant des Cortico\u00efdes inhal\u00e9s, ou vous ne les prenez pas selon l&rsquo;ordonnance.<\/li>\n<li>Vous avez des ant\u00e9c\u00e9dents d&rsquo;asthme presque mortel n\u00e9cessitant une intubation et une ventilation m\u00e9canique.<\/li>\n<li>Au cours de la derni\u00e8re ann\u00e9e, vous avez \u00e9t\u00e9 admis aux urgences pour un asthme. <\/li>\n<li>Vous avez d&rsquo;autres probl\u00e8mes m\u00e9dicaux tels que l&rsquo;ob\u00e9sit\u00e9, la rhinosinusite chronique, le reflux \u0153sophagien, l&rsquo;allergie alimentaire.<\/li>\n<li>Vous fumez ou \u00eates expos\u00e9 au tabagisme passif, y compris la vapeur de cigarette \u00e9lectronique.<\/li>\n<li>Vous avez une importante charge mentale.<\/li>\n<\/ul>\n<p>Demandez \u00e0 votre professionnel de sant\u00e9 quel est votre niveau de risque. Vous pourriez \u00eatre \u00e0 risque m\u00eame si vous ne pr\u00e9sentez que quelques sympt\u00f4mes. <\/p>\n<p><a href=\"https:\/\/aboutasthma.org\/care\/asthma-management\/\">Avec le bon traitement et un mode de vie adapt\u00e9<\/a>, vous pouvez contr\u00f4ler vos sympt\u00f4mes et \u00e9viter le risque d&rsquo;une crise grave. <\/p>\n\t\t\t\t\t\t\t\t<\/div>\n\t\t\t\t<\/div>\n\t\t\t\t\t<\/div>\n\t\t\t\t<\/div>\n\t\t\t\t<\/div>\n\t\t<div class=\"helpful-block-content wth-theme-thumbs\" data-title=\"\">\r\n<ul>\r\n<li><span class=\"wth-title\">Avez-vous trouv\u00e9 ce contenu utile?<\/span><\/li>\r\n<li><a data-post=\"1411\" data-post-url=\"https:\/\/aboutasthma.org\/fr\/crises\/suis-je-a-risque-de-crises-dasthme-severes\/\" data-post-title=\"Suis-je \u00e0 risque de crises d&rsquo;asthme s\u00e9v\u00e8res ?\" data-response=\"1\" href=\"#\" class=\"wth-green-btn icon-thumbs-o-up icon1-thumbs-o-up\"><\/a><a data-response=\"0\" data-post=\"1411\" data-post-url=\"https:\/\/aboutasthma.org\/fr\/crises\/suis-je-a-risque-de-crises-dasthme-severes\/\" data-post-title=\"Suis-je \u00e0 risque de crises d&rsquo;asthme s\u00e9v\u00e8res ?\" href=\"#\" class=\"wth-red-btn icon-thumbs-o-down icon1-thumbs-o-down\"><\/a><\/li>\r\n<\/ul>\r\n<\/div>","protected":false},"featured_media":0,"template":"","meta":{"_acf_changed":false},"class_list":["post-1411","attacks","type-attacks","status-publish","hentry"],"acf":[],"aioseo_notices":[],"_links":{"self":[{"href":"https:\/\/aboutasthma.org\/fr\/wp-json\/wp\/v2\/attacks\/1411","targetHints":{"allow":["GET"]}}],"collection":[{"href":"https:\/\/aboutasthma.org\/fr\/wp-json\/wp\/v2\/attacks"}],"about":[{"href":"https:\/\/aboutasthma.org\/fr\/wp-json\/wp\/v2\/types\/attacks"}],"version-history":[{"count":3,"href":"https:\/\/aboutasthma.org\/fr\/wp-json\/wp\/v2\/attacks\/1411\/revisions"}],"predecessor-version":[{"id":1414,"href":"https:\/\/aboutasthma.org\/fr\/wp-json\/wp\/v2\/attacks\/1411\/revisions\/1414"}],"wp:attachment":[{"href":"https:\/\/aboutasthma.org\/fr\/wp-json\/wp\/v2\/media?parent=1411"}],"curies":[{"name":"wp","href":"https:\/\/api.w.org\/{rel}","templated":true}]}}