{"id":1427,"date":"2023-09-14T09:29:00","date_gmt":"2023-09-14T08:29:00","guid":{"rendered":"https:\/\/aboutasthma.org\/care\/gestion-de-lasthme\/"},"modified":"2024-05-17T07:30:09","modified_gmt":"2024-05-17T06:30:09","slug":"gestion-de-lasthme","status":"publish","type":"care","link":"https:\/\/aboutasthma.org\/fr\/soins\/gestion-de-lasthme\/","title":{"rendered":"Gestion de l&rsquo;asthme"},"content":{"rendered":"\t\t<div data-elementor-type=\"wp-post\" data-elementor-id=\"1427\" class=\"elementor elementor-1427 elementor-37\">\n\t\t\t\t<div class=\"elementor-element elementor-element-668b2cc4 e-flex e-con-boxed e-con e-parent\" data-id=\"668b2cc4\" data-element_type=\"container\" data-e-type=\"container\">\n\t\t\t\t\t<div class=\"e-con-inner\">\n\t\t\t\t<div class=\"elementor-element elementor-element-6fd14fbe elementor-widget elementor-widget-text-editor\" data-id=\"6fd14fbe\" data-element_type=\"widget\" data-e-type=\"widget\" data-widget_type=\"text-editor.default\">\n\t\t\t\t<div class=\"elementor-widget-container\">\n\t\t\t\t\t\t\t\t\t<p>La recette pour une gestion r\u00e9ussie de l&rsquo;asthme est une combinaison du bon traitement et, parfois, de mesures de style de vie. La plupart des patients peuvent g\u00e9rer leur asthme, maintenir les sympt\u00f4mes sous contr\u00f4le et, dans la plupart des cas, vivre sans ou avec peu de limitations.  <\/p>\n<p>Il existe de nombreux outils qui peuvent vous aider \u00e0 obtenir un bon contr\u00f4le de l&rsquo;asthme et \u00e0 pr\u00e9venir les crises. Les <a href=\"https:\/\/aboutasthma.org\/care\/treatments-for-asthma\/\">m\u00e9dicaments<\/a> <strong>contenant des cortico\u00efdes inhal\u00e9s<\/strong> (ICS) sont l&rsquo;outil principal pour contr\u00f4ler l&rsquo;asthme. Le type de traitement d\u00e9pend de la s\u00e9v\u00e9rit\u00e9 de votre asthme et de la mesure dans laquelle il est contr\u00f4l\u00e9, mais il d\u00e9pend \u00e9galement de vos objectifs et attentes.<\/p>\n\t\t\t\t\t\t\t\t<\/div>\n\t\t\t\t<\/div>\n\t\t\t\t\t<\/div>\n\t\t\t\t<\/div>\n\t\t<div class=\"elementor-element elementor-element-3bc60f47 e-flex e-con-boxed e-con e-parent\" data-id=\"3bc60f47\" data-element_type=\"container\" data-e-type=\"container\">\n\t\t\t\t\t<div class=\"e-con-inner\">\n\t\t\t\t<div class=\"elementor-element elementor-element-13222ead elementor-widget elementor-widget-heading\" data-id=\"13222ead\" data-element_type=\"widget\" data-e-type=\"widget\" data-widget_type=\"heading.default\">\n\t\t\t\t<div class=\"elementor-widget-container\">\n\t\t\t\t\t<h2 class=\"elementor-heading-title elementor-size-default\">Surveillez vos sympt\u00f4mes d'asthme<\/h2>\t\t\t\t<\/div>\n\t\t\t\t<\/div>\n\t\t\t\t<div class=\"elementor-element elementor-element-3fd0bf49 elementor-widget elementor-widget-text-editor\" data-id=\"3fd0bf49\" data-element_type=\"widget\" data-e-type=\"widget\" data-widget_type=\"text-editor.default\">\n\t\t\t\t<div class=\"elementor-widget-container\">\n\t\t\t\t\t\t\t\t\t<p>L&rsquo;autosurveillance des sympt\u00f4mes peut \u00eatre utile dans la gestion de l&rsquo;asthme. Prenez le temps de consigner dans votre <a href=\"https:\/\/aboutasthma.org\/care\/master-your-asthma-action-plan\/\">journal quotidien de l&rsquo;asthme<\/a> :<\/p>\n<ul>\n<li>Les exacerbations et le temps n\u00e9cessaire pour r\u00e9cup\u00e9rer<\/li>\n<li>Le besoin de m\u00e9dicaments de secours (par exemple, \u00e0 quelle fr\u00e9quence vous obtenez votre m\u00e9dicament de secours)<\/li>\n<li>Apparition des sympt\u00f4mes<\/li>\n<li>Les d\u00e9clencheurs qui peuvent aggraver votre asthme<\/li>\n<\/ul>\n<p>Vous pouvez \u00e9galement utiliser un d\u00e9bitm\u00e8tre de pointe pour surveiller l&rsquo;\u00e9volution de votre fonction pulmonaire. Un graphique PEF compress\u00e9 (montrant deux mois sur une page en format paysage) peut faciliter l&rsquo;identification de mod\u00e8les dans votre fonction pulmonaire. <\/p>\n\t\t\t\t\t\t\t\t<\/div>\n\t\t\t\t<\/div>\n\t\t\t\t<div class=\"elementor-element elementor-element-59e001b8 tip elementor-widget elementor-widget-text-editor\" data-id=\"59e001b8\" data-element_type=\"widget\" data-e-type=\"widget\" data-widget_type=\"text-editor.default\">\n\t\t\t\t<div class=\"elementor-widget-container\">\n\t\t\t\t\t\t\t\t\t<p>Apportez le journal et le graphique PEF \u00e0 chaque consultation.<\/p>\n\t\t\t\t\t\t\t\t<\/div>\n\t\t\t\t<\/div>\n\t\t\t\t\t<\/div>\n\t\t\t\t<\/div>\n\t\t<div class=\"elementor-element elementor-element-3913f198 e-flex e-con-boxed e-con e-parent\" data-id=\"3913f198\" data-element_type=\"container\" data-e-type=\"container\">\n\t\t\t\t\t<div class=\"e-con-inner\">\n\t\t\t\t<div class=\"elementor-element elementor-element-107022af elementor-widget elementor-widget-heading\" data-id=\"107022af\" data-element_type=\"widget\" data-e-type=\"widget\" data-widget_type=\"heading.default\">\n\t\t\t\t<div class=\"elementor-widget-container\">\n\t\t\t\t\t<h2 class=\"elementor-heading-title elementor-size-default\">Plan d'action contre l'asthme <\/h2>\t\t\t\t<\/div>\n\t\t\t\t<\/div>\n\t\t\t\t<div class=\"elementor-element elementor-element-837dceb elementor-widget elementor-widget-text-editor\" data-id=\"837dceb\" data-element_type=\"widget\" data-e-type=\"widget\" data-widget_type=\"text-editor.default\">\n\t\t\t\t<div class=\"elementor-widget-container\">\n\t\t\t\t\t\t\t\t\t<p>Le <a href=\"https:\/\/aboutasthma.org\/care\/master-your-asthma-action-plan\/\">plan d&rsquo;action \u00e9crit contre l&rsquo;asthme<\/a> vous aide \u00e0 <a href=\"https:\/\/aboutasthma.org\/fr\/care\/gestion-de-lasthme\/\">g\u00e9rer votre asthme<\/a> lorsque vos sympt\u00f4mes s&rsquo;aggravent. Le plan d&rsquo;action contre l&rsquo;asthme est un document \u00e9crit personnalis\u00e9 pr\u00e9par\u00e9 avec votre m\u00e9decin en fonction de vos besoins de traitement. Il d\u00e9crit les situations et les sympt\u00f4mes que vous devez surveiller afin d&rsquo;ajuster le traitement sans consulter le m\u00e9decin tous les jours. Il inclut \u00e9galement des informations sur quand il est n\u00e9cessaire de contacter le m\u00e9decin pour revoir le traitement.  <\/p>\n<p>Les conseils de votre plan d&rsquo;action seront diff\u00e9rents selon que votre m\u00e9dicament de secours est un m\u00e9dicament anti-inflammatoire (budesonide-formoterol ou b\u00e9clom\u00e9tasone-formoterol) ou un SABA.<\/p>\n\t\t\t\t\t\t\t\t<\/div>\n\t\t\t\t<\/div>\n\t\t\t\t\t<\/div>\n\t\t\t\t<\/div>\n\t\t<div class=\"elementor-element elementor-element-408eda84 e-flex e-con-boxed e-con e-parent\" data-id=\"408eda84\" data-element_type=\"container\" data-e-type=\"container\">\n\t\t\t\t\t<div class=\"e-con-inner\">\n\t\t\t\t<div class=\"elementor-element elementor-element-464f89f0 elementor-widget elementor-widget-heading\" data-id=\"464f89f0\" data-element_type=\"widget\" data-e-type=\"widget\" data-widget_type=\"heading.default\">\n\t\t\t\t<div class=\"elementor-widget-container\">\n\t\t\t\t\t<h2 class=\"elementor-heading-title elementor-size-default\">Respectez le traitement de l'asthme<\/h2>\t\t\t\t<\/div>\n\t\t\t\t<\/div>\n\t\t\t\t<div class=\"elementor-element elementor-element-bf9afcd elementor-widget elementor-widget-text-editor\" data-id=\"bf9afcd\" data-element_type=\"widget\" data-e-type=\"widget\" data-widget_type=\"text-editor.default\">\n\t\t\t\t<div class=\"elementor-widget-container\">\n\t\t\t\t\t\t\t\t\t<p>Suivre exactement la <strong>prescription<\/strong> est crucial pour un traitement r\u00e9ussi. Le traitement de fond doit \u00eatre pris tous les jours une ou deux fois par jour. Int\u00e9grez-le \u00e0 votre routine ! La premi\u00e8re \u00e9tape pour optimiser le traitement est de convenir avec votre professionnel de sant\u00e9 du traitement qui r\u00e9pond le mieux \u00e0 vos besoins, et attentes et que vous \u00eates capable d&rsquo;utiliser correctement.<\/p>\t\t\t\t\t\t\t\t<\/div>\n\t\t\t\t<\/div>\n\t\t\t\t<div class=\"elementor-element elementor-element-81f3dde tip box-title elementor-widget elementor-widget-text-editor\" data-id=\"81f3dde\" data-element_type=\"widget\" data-e-type=\"widget\" data-widget_type=\"text-editor.default\">\n\t\t\t\t<div class=\"elementor-widget-container\">\n\t\t\t\t\t\t\t\t\t<p>Posez des questions sur votre traitement de l&rsquo;asthme<\/p>\n\t\t\t\t\t\t\t\t<\/div>\n\t\t\t\t<\/div>\n\t\t\t\t<div class=\"elementor-element elementor-element-27061cfe box-content elementor-widget elementor-widget-text-editor\" data-id=\"27061cfe\" data-element_type=\"widget\" data-e-type=\"widget\" data-widget_type=\"text-editor.default\">\n\t\t\t\t<div class=\"elementor-widget-container\">\n\t\t\t\t\t\t\t\t\t<ul>\n<li>Prenez le temps de demander \u00e0 votre m\u00e9decin quel est le meilleur moment de la journ\u00e9e pour prendre le m\u00e9dicament, que faire si vous oubliez de prendre le m\u00e9dicament, et toutes les questions qui pourraient vous soulager de l&rsquo;organisation de vos m\u00e9dicaments quotidiens.<\/li>\n<li>Assurez-vous que les diff\u00e9rences entre le traitement de secours et le traitement de fond sont claires pour vous.<\/li>\n<li>Rappelez-vous que l&rsquo;asthme ne reste pas toujours le m\u00eame et peut changer au fil du temps apr\u00e8s le diagnostic.<\/li>\n<li>Demandez \u00e0 votre m\u00e9decin de vous expliquer chaque \u00e9tape de votre plan d&rsquo;action, et examinez-le ensemble \u00e0 chaque visite. Vous pourriez avoir des questions auxquelles vous n&rsquo;avez pas pens\u00e9 lors de la premi\u00e8re visite. <\/li>\n<li>Discutez ouvertement avec votre m\u00e9decin de toutes les craintes ou pr\u00e9occupations concernant vos m\u00e9dicaments, par exemple si vous \u00eates enceinte, si vous vous inqui\u00e9tez des allergies ou des interactions avec d&rsquo;autres m\u00e9dicaments, etc.<\/li>\n<\/ul>\n\t\t\t\t\t\t\t\t<\/div>\n\t\t\t\t<\/div>\n\t\t\t\t\t<\/div>\n\t\t\t\t<\/div>\n\t\t<div class=\"elementor-element elementor-element-82117e3 e-flex e-con-boxed e-con e-parent\" data-id=\"82117e3\" data-element_type=\"container\" data-e-type=\"container\">\n\t\t\t\t\t<div class=\"e-con-inner\">\n\t\t\t\t<div class=\"elementor-element elementor-element-111e92bc elementor-widget elementor-widget-heading\" data-id=\"111e92bc\" data-element_type=\"widget\" data-e-type=\"widget\" data-widget_type=\"heading.default\">\n\t\t\t\t<div class=\"elementor-widget-container\">\n\t\t\t\t\t<h2 class=\"elementor-heading-title elementor-size-default\">Entrainez-vous \u00e0 utiliser de votre inhalateur contre l'asthme <\/h2>\t\t\t\t<\/div>\n\t\t\t\t<\/div>\n\t\t\t\t<div class=\"elementor-element elementor-element-248d8f2 elementor-widget elementor-widget-text-editor\" data-id=\"248d8f2\" data-element_type=\"widget\" data-e-type=\"widget\" data-widget_type=\"text-editor.default\">\n\t\t\t\t<div class=\"elementor-widget-container\">\n\t\t\t\t\t\t\t\t\t<p>La plupart des traitements contre l&rsquo;asthme sont administr\u00e9s directement dans les poumons via un inhalateur. Les inhalateurs sont des combinaisons complexes de m\u00e9dicaments et de dispositifs qui n\u00e9cessitent une formation. Il existe diff\u00e9rents types d&rsquo;inhalateurs, le m\u00e9decin vous conseillera celui qui convient le mieux \u00e0 vos besoins. Savoir comment utiliser votre inhalateur garantit que le m\u00e9dicament est administr\u00e9 correctement dans les poumons.<\/p><p>Il y a plusieurs \u00e9tapes pour utiliser un inhalateur, et elles sont diff\u00e9rentes pour chaque type d&rsquo;inhalateur. Assurez-vous qu&rsquo;on vous montre comment utiliser votre ou vos inhalateurs. Pour chaque type d&rsquo;inhalateur, vous devrez inhaler le m\u00e9dicament. Cette inhalation doit \u00eatre soit lente, soit rapide selon le type d&rsquo;inhalateur. En r\u00e8gle g\u00e9n\u00e9rale, si on vous prescrit un inhalateur doseur pressuris\u00e9 (puffer), vous devriez inhaler le m\u00e9dicament lentement. Si on vous prescrit un inhalateur de poudre s\u00e8che, vous devriez inhaler le m\u00e9dicament rapidement. Votre professionnel de sant\u00e9 vous expliquera comment utiliser l&rsquo;inhalateur, mais cela n\u00e9cessitera de l\u2019<a href=\"https:\/\/aboutasthma.org\/care\/treatments-for-asthma\/\">entrainement<\/a>.<\/p><p>G\u00e9n\u00e9ralement, les fabricants fournissent des ressources pour les patients afin de montrer comment utiliser l&rsquo;inhalateur, et il existe des sites web avec de bonnes <a href=\"https:\/\/www.nationalasthma.org.au\/living-with-asthma\/how-to-videos\" target=\"_blank\" rel=\"noopener\">vid\u00e9os de d\u00e9monstration<\/a>. Demandez \u00e0 votre m\u00e9decin et \u00e0 votre pharmacien des ressources en ligne dans votre langue.<\/p>\t\t\t\t\t\t\t\t<\/div>\n\t\t\t\t<\/div>\n\t\t\t\t<div class=\"elementor-element elementor-element-6289b87a tip box-title elementor-widget elementor-widget-text-editor\" data-id=\"6289b87a\" data-element_type=\"widget\" data-e-type=\"widget\" data-widget_type=\"text-editor.default\">\n\t\t\t\t<div class=\"elementor-widget-container\">\n\t\t\t\t\t\t\t\t\t<p>Faites-le ensemble !<\/p>\n\t\t\t\t\t\t\t\t<\/div>\n\t\t\t\t<\/div>\n\t\t\t\t<div class=\"elementor-element elementor-element-3d0657a box-content elementor-widget elementor-widget-text-editor\" data-id=\"3d0657a\" data-element_type=\"widget\" data-e-type=\"widget\" data-widget_type=\"text-editor.default\">\n\t\t\t\t<div class=\"elementor-widget-container\">\n\t\t\t\t\t\t\t\t\t<ul><li>Demandez \u00e0 votre professionnel de sant\u00e9 de v\u00e9rifier votre technique d&rsquo;inhalation. Apportez votre inhalateur \u00e0 chaque consultation.<\/li><li>Demandez au pharmacien de vous montrer le dispositif et d&rsquo;expliquer en d\u00e9tail son fonctionnement.<\/li><li>Les vid\u00e9os de formation en ligne peuvent \u00eatre tr\u00e8s utiles pour pratiquer votre technique d&rsquo;inhalation. Consultez les sites web des organisations de patients et des soci\u00e9t\u00e9s m\u00e9dicales.<\/li><\/ul>\t\t\t\t\t\t\t\t<\/div>\n\t\t\t\t<\/div>\n\t\t\t\t\t<\/div>\n\t\t\t\t<\/div>\n\t\t\t\t<\/div>\n\t\t<div class=\"helpful-block-content wth-theme-thumbs\" data-title=\"\">\r\n<ul>\r\n<li><span class=\"wth-title\">Avez-vous trouv\u00e9 ce contenu utile?<\/span><\/li>\r\n<li><a data-post=\"1427\" data-post-url=\"https:\/\/aboutasthma.org\/fr\/soins\/gestion-de-lasthme\/\" data-post-title=\"Gestion de l&rsquo;asthme\" data-response=\"1\" href=\"#\" class=\"wth-green-btn icon-thumbs-o-up icon1-thumbs-o-up\"><\/a><a data-response=\"0\" data-post=\"1427\" data-post-url=\"https:\/\/aboutasthma.org\/fr\/soins\/gestion-de-lasthme\/\" data-post-title=\"Gestion de l&rsquo;asthme\" href=\"#\" class=\"wth-red-btn icon-thumbs-o-down icon1-thumbs-o-down\"><\/a><\/li>\r\n<\/ul>\r\n<\/div>","protected":false},"featured_media":0,"template":"","meta":{"_acf_changed":false},"class_list":["post-1427","care","type-care","status-publish","hentry"],"acf":[],"aioseo_notices":[],"_links":{"self":[{"href":"https:\/\/aboutasthma.org\/fr\/wp-json\/wp\/v2\/care\/1427","targetHints":{"allow":["GET"]}}],"collection":[{"href":"https:\/\/aboutasthma.org\/fr\/wp-json\/wp\/v2\/care"}],"about":[{"href":"https:\/\/aboutasthma.org\/fr\/wp-json\/wp\/v2\/types\/care"}],"version-history":[{"count":9,"href":"https:\/\/aboutasthma.org\/fr\/wp-json\/wp\/v2\/care\/1427\/revisions"}],"predecessor-version":[{"id":2391,"href":"https:\/\/aboutasthma.org\/fr\/wp-json\/wp\/v2\/care\/1427\/revisions\/2391"}],"wp:attachment":[{"href":"https:\/\/aboutasthma.org\/fr\/wp-json\/wp\/v2\/media?parent=1427"}],"curies":[{"name":"wp","href":"https:\/\/api.w.org\/{rel}","templated":true}]}}